{"id":2700,"date":"2020-08-11T14:32:29","date_gmt":"2020-08-11T12:32:29","guid":{"rendered":"https:\/\/rmieuropa.com\/chi-siamo\/diventare-rmi-giornata-tipo\/"},"modified":"2022-02-14T11:47:46","modified_gmt":"2022-02-14T10:47:46","slug":"diventare-rmi-giornata-tipo","status":"publish","type":"page","link":"https:\/\/www.rmieuropa.com\/it\/chi-siamo\/diventare-rmi-giornata-tipo\/","title":{"rendered":"Diventare RMI &#8211; La nostra vita"},"content":{"rendered":"<div class=\"wpb-content-wrapper\"><p>[vc_row full_width=&#8221;stretch_row_content&#8221; css=&#8221;.vc_custom_1640956229797{background-color: #004272 !important;}&#8221;][vc_column css=&#8221;.vc_custom_1640956261121{padding-bottom: 100px !important;}&#8221;][vc_empty_space]    <div class=\"rmi-title text-white text-center\">\n                    <div class=\"rmi-subtitle\">UNISCITI A NOI<\/div>\n                <h2>LE RMI<\/h2>\n\n    <\/div>\n    [vc_empty_space][\/vc_column][\/vc_row][vc_row full_width=&#8221;stretch_row_content_no_spaces&#8221; equal_height=&#8221;yes&#8221; css=&#8221;.vc_custom_1640956241519{margin-top: -150px !important;}&#8221;][vc_column el_class=&#8221;px-3 pl-lg-6&#8243; css=&#8221;.vc_custom_1561730715795{padding-right: 10% !important;padding-left: 10% !important;}&#8221;][vc_row_inner][vc_column_inner width=&#8221;1\/12&#8243;][\/vc_column_inner][vc_column_inner width=&#8221;5\/12&#8243; css=&#8221;.vc_custom_1576080368616{margin-right: 10px !important;}&#8221;][vc_single_image image=&#8221;2181&#8243; img_size=&#8221;full&#8221; alignment=&#8221;center&#8221;][vc_single_image image=&#8221;2027&#8243; img_size=&#8221;full&#8221;][vc_column_text]<strong>Chi?<\/strong>[\/vc_column_text][vc_column_text css=&#8221;.vc_custom_1616672288251{margin-right: 30px !important;}&#8221;]Una giovane donna dai 18 ai 35 anni che si senta chiamata dal Signore per donarsi completamente a Lui, attraverso una vita fraterna di preghiera e di servizio ai giovani.<br \/>\nDesiderosa di far loro conoscere e amare Ges\u00f9 affinch\u00e9 possano \u201cvivere nel bene e ricevere la salvezza\u201d, la giovane decide liberamente di rispondere alla sua vocazione, consacrando la propria vita a Dio, per il bene dei giovani.<br \/>\nEssa vivr\u00e0 con loro una missione di prevenzione, di evangelizzazione e di santificazione, attraverso l&#8217;accoglienza, l&#8217;accompagnamento, e l&#8217;offerta di una formazione completa.[\/vc_column_text][\/vc_column_inner][vc_column_inner width=&#8221;5\/12&#8243; css=&#8221;.vc_custom_1576080382091{margin-left: 10px !important;}&#8221;][vc_single_image image=&#8221;2644&#8243; img_size=&#8221;full&#8221; alignment=&#8221;center&#8221;][vc_single_image image=&#8221;2015&#8243; img_size=&#8221;full&#8221;][vc_column_text]<strong>Come?<\/strong>[\/vc_column_text][vc_column_text]La ragazza che volesse rispondere all\u2019appello del Signore e desiderasse unirsi alla Congregazione, dopo averne eventualmente parlato con la Suora che la accompagna in questo cammino, deve scrivere una lettera alla Superiora provinciale per domandarle ufficialmente l\u2019ammissione, indicando le proprie motivazioni vocazionali.[\/vc_column_text]    <div class=\"rmi-buttons \">\n        <a class=\"btn btn-rmi-blue\" href=\"https:\/\/rmieuropa.com\/contatti\/?lang=it&servicename=Diventare%20RMI\" title=\"Diventare RMI\" >Diventare RMI<\/a>    <\/div>\n    [\/vc_column_inner][vc_column_inner width=&#8221;1\/12&#8243;][\/vc_column_inner][\/vc_row_inner][vc_empty_space][\/vc_column][\/vc_row][vc_row full_width=&#8221;stretch_row_content_no_spaces&#8221; equal_height=&#8221;yes&#8221; el_id=&#8221;bgGradientClair&#8221; css=&#8221;.vc_custom_1576080776183{padding-top: 40px !important;}&#8221;][vc_column el_class=&#8221;px-3 pl-lg-6&#8243; css=&#8221;.vc_custom_1561730715795{padding-right: 10% !important;padding-left: 10% !important;}&#8221;][vc_empty_space]    <div class=\"rmi-title text-white text-center\">\n                    <div class=\"rmi-subtitle\">VOCAZIONE RMI<\/div>\n                <h2>TAPPE DI FORMAZIONE<\/h2>\n\n    <\/div>\n    [vc_empty_space][vc_single_image image=&#8221;2648&#8243; img_size=&#8221;full&#8221; alignment=&#8221;center&#8221;][vc_empty_space][\/vc_column][\/vc_row][vc_row full_width=&#8221;stretch_row&#8221; el_class=&#8221;py-3&#8243;][vc_column width=&#8221;2\/3&#8243;][vc_tta_tour style=&#8221;flat&#8221; shape=&#8221;square&#8221; controls_size=&#8221;md&#8221; active_section=&#8221;1&#8243; el_id=&#8221;devenir&#8221;][vc_tta_section title=&#8221;TAPPA PREVIA \/ PRENOVIZIATO&#8221; tab_id=&#8221;etapes&#8221; el_class=&#8221;etapes&#8221;][vc_column_text]<strong>Tappa previa (candidatura e discernimento) <\/strong><\/p>\n<p>Questa tappa, che consente alla giovane di discernere e verificare che la vocazione e la missione delle Religiose di Maria Immacolata corrisponda a pieno alle proprie aspirazioni e attitudini, \u00e8 caratterizzata da un <strong>approfondimento della fede<\/strong>, da un <strong>accompagnamento personale<\/strong> e dalla <strong>ricerca di una miglior conoscenza di se stessa e dell\u2019Istituto<\/strong>. \u00c8 un tempo (dalla durata variabile, a seconda di ogni ragazza) che permette di <strong>riflettere sulla propria vocazione<\/strong> in riferimento alla Congregazione e consente di <strong>chiarire le proprie motivazioni<\/strong>, vivendo un <strong>primo approccio con la vita comunitaria<\/strong>.<\/p>\n<p><strong>Prenoviziato (o postulantato)<\/strong><\/p>\n<p>Preparazione diretta all\u2019ingresso al noviziato, questa fase permette di crescere nella conoscenza reciproca, attraverso l\u2019accompagnamento, una formazione pi\u00f9 intensa e la condivisione di parte della vita quotidiana con una Comunit\u00e0 per un periodo che pu\u00f2 variare da qualche mese a 2 anni. L\u2019inizio di questa tappa \u00e8 sancito da una cerimonia semplice e familiare di <strong>\u201cpassaggio al prenoviziato\u201d<\/strong>, durante la quale <strong>la ragazza riceve una piccola croce<\/strong> come segno di questo <strong>primo impegno nella Congregazione<\/strong>. Qualora fosse possibile, questa tappa viene vissuta insieme ad altre prenovizie. Avendo acquisito alla fine del prenoviziato sufficiente maturit\u00e0 umana e spirituale, la ragazza predispone di tutti gli strumenti necessari per confermare o meno la propria scelta per la vita consacrata.<\/p>\n<p style=\"text-align: center;\"><em><strong>Periodo di adattamento<\/strong><\/em><\/p>\n<p>In caso di conferma, alla fine del tempo di prenoviziato, la prenovizia passer\u00e0 un breve <em>periodo di adattamento<\/em> nella casa del noviziato (circa 3 mesi) prima dell\u2019ingresso ufficiale al \u201cnoviziato\u201d, dove <strong>ricever\u00e0 l\u2019abito da novizia<\/strong>.[\/vc_column_text][\/vc_tta_section][vc_tta_section title=&#8221;NOVIZIATO&#8221; tab_id=&#8221;Noviciat&#8221; el_class=&#8221;noviciat&#8221;][vc_column_text]Tappa fondamentale, <strong>l\u2019ingresso al noviziato<\/strong> rappresenta un momento di netto stacco. Con la scelta di una <em>presa di distanza temporanea<\/em> (il periodo del noviziato ha una durata di <strong>2 anni <\/strong>\/ 2 anni e mezzo)\u00a0 dalla famiglia, dagli amici e dalle responsabilit\u00e0 assunte precedentemente, ci si immerge in un ambiente simile a quello vissuto dal Signore durante il periodo della sua <strong>\u201cvita nascosta\u201d a Nazareth<\/strong>, lasciando il maggior spazio possibile all\u2019<strong>approfondimento dell\u2019intimit\u00e0 con Cristo<\/strong> e alla <strong>conoscenza del carisma specifico della Congregazione<\/strong>, attraverso la <strong>preghiera<\/strong>, la <strong>riflessione<\/strong>, la <strong>formazione<\/strong>, la <strong>vita comunitaria<\/strong> e l\u2019<strong>accompagnamento personale<\/strong> della maestra delle novizie.<\/p>\n<p>Oltre all\u2019<strong>umile quotidiano<\/strong> vissuto con le altre novizie, che rappresenta una <strong>scuola di vita<\/strong> per loro, ci sono altre due esperienze fondamentali che scandiscono ciascuno dei due anni di noviziato: i <strong>30 giorni di esercizi Spirituali di Sant\u2019Ignazio<\/strong> e l\u2019invio per <strong>40 giorni in \u201cstage apostolico\u201d<\/strong> all\u2019interno di una comunit\u00e0.<\/p>\n<p>Per quanto riguarda la nostra <strong>Provincia Europea<\/strong>, la casa del noviziato \u00e8 situata in <strong>Spagna<\/strong> (a Buitrago di Loyola, nei pressi di Madrid). Essa accoglie novizie provenienti non solo da differenti paesi europei ma anche da altri continenti, specialmente da quello Americano.<br \/>\nGli altri nostri noviziati si trovano in India, nelle Filippine e in Burkina Faso.[\/vc_column_text][\/vc_tta_section][vc_tta_section title=&#8221;PROFESSIONE TEMPORANEA (&#8220;primi Voti&#8220;) \/ JUNIORATO&#8221; tab_id=&#8221;Juniorat&#8221; el_class=&#8221;profession&#8221;][vc_column_text]Al termine del noviziato, se la scelta \u00e8 confermata, la novizia pronuncia i suoi <strong>\u201cprimi voti\u201d<\/strong>, nel corso di una cerimonia durante la quale<strong> riceve l\u2019abito<\/strong> e <strong>il velo<\/strong> propri della congregazione delle RMI e si impegna pi\u00f9 fermamente nella <strong>vita consacrata<\/strong> attraverso i <strong>voti di castit\u00e0, povert\u00e0, e obbedienza<\/strong>, che <strong>rinnover\u00e0 ogni anno<\/strong> fino ai voti perpetui.<\/p>\n<p>Si apre, allora, il periodo di <strong>professione temporanea<\/strong> (o <strong>&#8220;juniorato&#8221;<\/strong>) che pu\u00f2 durare tra i sei e i nove anni. Durante questo periodo, ogni suora viene inviata in una comunit\u00e0, con una specifica missione da compiere, degli studi e per svolgere tutto ci\u00f2 che caratterizza la vita di una Religiosa di Maria Immacolata.<\/p>\n<p>Di fronte alla concretezza della vita quotidiana, per la giovane suora si tratta ora di raggiungere un\u2019unificazione interiore di tutte le sue dimensioni, di fronte alle molteplici sollecitazioni della vita e di consolidare e confermare la propria vocazione, vivendo l\u2019entusiasmo dell\u2019apostolato con le giovani.[\/vc_column_text][\/vc_tta_section][vc_tta_section title=&#8221;\u00ab TERZO ANNO\u00bb \/ PROFESSIONE PERPETUA&#8221; tab_id=&#8221;Profession&#8221; el_class=&#8221;troisieme&#8221;][vc_column_text]Prima di essere totalmente integrate nella Congregazione, bisogna affrontare <em>tre &#8220;probazioni&#8221;<\/em>:<\/p>\n<p>La <strong>prima<\/strong> \u00e8 il <em><strong>discernimento<\/strong> <\/em>che precede l\u2019ingresso al noviziato.<\/p>\n<p>La <strong>seconda<\/strong> probazione dura due anni: \u00e8 il periodo di <em><strong>noviziato<\/strong><\/em> propriamente detto che si conclude con l\u2019impegno dei primi voti<\/p>\n<p>La <strong>terza<\/strong> <strong>probazione<\/strong> (o &#8220;terzo anno&#8221;) &#8211; che \u00e8 il <em><strong>tempo di preparazione immediata prima dei voti perpetui<\/strong><\/em> &#8211; \u00e8 proposto a coloro che (attraverso pi\u00f9 anni di vita comunitaria e missionaria, di preghiera e di studi) hanno appena finito di attraversare un lungo periodo di formazione umana, spirituale e intellettuale, ed \u00e8 concepita come <strong>l\u2019ultima tappa del processo di integrazione<\/strong> al corpo apostolico della Congregazione.<\/p>\n<p>Durante <strong>circa sei mesi<\/strong>, le suore \u201cdella terza probazione\u201d (detto &#8220;<em>terceronado<\/em>&#8221; in spagnolo) vivono in piccole comunit\u00e0, ricevono una formazione intensa e attenta, in un ambiente particolarmente adatto per <strong>prepararsi alla professione perpetua<\/strong>.<\/p>\n<p>Questa ultima tappa \u00e8 chiamata da Sant\u2019Ignazio di Loyola \u201c<strong>la scuola del cuore<\/strong>\u201d.<\/p>\n<p>Le componenti essenziali della terza probazione sono: la fraternit\u00e0, una vita di preghiera pi\u00f9 intensa, il discernimento, l\u2019accompagnamento spirituale, la formazione (da parte delle istruttrici e di altri interventi esterni, in particolare gesuiti, attraverso degli insegnamenti che tengono conto di tutte le dimensioni della persona, nelle sue componenti umana, spirituale, affettiva\u2026), ma anche momenti di svago, ecc.<\/p>\n<p>Il nucleo di questa tappa sono i <strong>30 giorni di <em>esercizi spirituali<\/em><\/strong>.<\/p>\n<p>\u00c8, dunque, in tutta lucidit\u00e0 e coscienza che ogni religiosa intraprende il terzo anno, come <strong>ultima tappa<\/strong> di verifica dell\u2019autenticit\u00e0 della propria vocazione, <strong>prima di pronunciare i voti perpetui<\/strong>.[\/vc_column_text][\/vc_tta_section][\/vc_tta_tour][\/vc_column][vc_column width=&#8221;1\/3&#8243; css=&#8221;.vc_custom_1576081601925{background-color: #1681cc !important;}&#8221;][vc_column_text el_class=&#8221;text-white&#8221;]<\/p>\n<h2 style=\"text-align: center;\"><strong>La vita delle RMI<\/strong><\/h2>\n<p style=\"margin-top: 30px; margin-bottom: 5px; text-align: center;\">*<\/p>\n<h6><em><strong>Contemplative nell&#8217;azione<\/strong>, le nostre giornate sono costituite da diversi momenti, alternando tempi di preghiera, tempi di incontro comunitario e tempi dedicati alla missione e ai diversi servizi che ci vengono affidati.<\/em><\/h6>\n<p style=\"margin-bottom: 5px; text-align: center;\">* * *<\/p>\n<h3 style=\"margin-top: 18px; margin-bottom: 12px; padding-left: 40px;\"><strong>Vita spirituale:<\/strong><\/h3>\n<p>Preghiera personale<br \/>\nMessa<br \/>\nLiturgia delle Ore<br \/>\nRosario<br \/>\nAdorazione eucaristica<br \/>\nEsame di coscienza ignaziano<br \/>\nLettura spirituale<\/p>\n<h3 style=\"margin-top: 18px; margin-bottom: 12px; padding-left: 40px;\"><strong>Vita comunitaria:<\/strong><\/h3>\n<p>Vita in comune<br \/>\nPasti<br \/>\nRiunioni<br \/>\nRicreazioni comunitaria<\/p>\n<h3 style=\"margin-top: 18px; margin-bottom: 12px; padding-left: 40px;\"><strong>Vita apostolica:<\/strong><\/h3>\n<p>Missione &#8211; compito personale<br \/>\nServizio<br \/>\nAttivit\u00e0 con le giovani<br \/>\nAscolto &#8211; accompagnamento&#8230;[\/vc_column_text][\/vc_column][\/vc_row]<\/p>\n<\/div>","protected":false},"excerpt":{"rendered":"<p>[vc_row full_width=&#8221;stretch_row_content&#8221; css=&#8221;.vc_custom_1640956229797{background-color: #004272 !important;}&#8221;][vc_column css=&#8221;.vc_custom_1640956261121{padding-bottom: 100px !important;}&#8221;][vc_empty_space][vc_empty_space][\/vc_column][\/vc_row][vc_row full_width=&#8221;stretch_row_content_no_spaces&#8221; equal_height=&#8221;yes&#8221; css=&#8221;.vc_custom_1640956241519{margin-top: -150px !important;}&#8221;][vc_column el_class=&#8221;px-3 pl-lg-6&#8243; css=&#8221;.vc_custom_1561730715795{padding-right: 10% !important;padding-left: 10% !important;}&#8221;][vc_row_inner][vc_column_inner width=&#8221;1\/12&#8243;][\/vc_column_inner][vc_column_inner width=&#8221;5\/12&#8243; css=&#8221;.vc_custom_1576080368616{margin-right: 10px !important;}&#8221;][vc_single_image image=&#8221;2181&#8243; img_size=&#8221;full&#8221; alignment=&#8221;center&#8221;][vc_single_image image=&#8221;2027&#8243; img_size=&#8221;full&#8221;][vc_column_text]Chi?[\/vc_column_text][vc_column_text css=&#8221;.vc_custom_1616672288251{margin-right: 30px !important;}&#8221;]Una giovane donna dai 18 ai 35 anni che si senta chiamata dal Signore per donarsi completamente a Lui, attraverso una vita fraterna [&hellip;]<\/p>\n","protected":false},"author":1,"featured_media":5288,"parent":4803,"menu_order":0,"comment_status":"closed","ping_status":"closed","template":"","meta":{"_acf_changed":false,"footnotes":""},"class_list":["post-2700","page","type-page","status-publish","has-post-thumbnail","hentry"],"acf":[],"yoast_head":"<!-- This site is optimized with the Yoast SEO plugin v27.4 - https:\/\/yoast.com\/product\/yoast-seo-wordpress\/ -->\n<title>Diventare RMI - La nostra vita - Religiose di Maria Immacolata<\/title>\n<meta name=\"robots\" content=\"index, follow, max-snippet:-1, max-image-preview:large, max-video-preview:-1\" \/>\n<link rel=\"canonical\" href=\"https:\/\/www.rmieuropa.com\/it\/chi-siamo\/diventare-rmi-giornata-tipo\/\" \/>\n<meta property=\"og:locale\" content=\"it_IT\" \/>\n<meta property=\"og:type\" content=\"article\" \/>\n<meta property=\"og:title\" content=\"Diventare RMI - La nostra vita - Religiose di Maria Immacolata\" \/>\n<meta property=\"og:description\" content=\"[vc_row full_width=&#8221;stretch_row_content&#8221; css=&#8221;.vc_custom_1640956229797{background-color: #004272 !important;}&#8221;][vc_column css=&#8221;.vc_custom_1640956261121{padding-bottom: 100px !important;}&#8221;][vc_empty_space][vc_empty_space][\/vc_column][\/vc_row][vc_row full_width=&#8221;stretch_row_content_no_spaces&#8221; equal_height=&#8221;yes&#8221; css=&#8221;.vc_custom_1640956241519{margin-top: -150px !important;}&#8221;][vc_column el_class=&#8221;px-3 pl-lg-6&#8243; css=&#8221;.vc_custom_1561730715795{padding-right: 10% !important;padding-left: 10% !important;}&#8221;][vc_row_inner][vc_column_inner width=&#8221;1\/12&#8243;][\/vc_column_inner][vc_column_inner width=&#8221;5\/12&#8243; css=&#8221;.vc_custom_1576080368616{margin-right: 10px !important;}&#8221;][vc_single_image image=&#8221;2181&#8243; img_size=&#8221;full&#8221; alignment=&#8221;center&#8221;][vc_single_image image=&#8221;2027&#8243; img_size=&#8221;full&#8221;][vc_column_text]Chi?[\/vc_column_text][vc_column_text css=&#8221;.vc_custom_1616672288251{margin-right: 30px !important;}&#8221;]Una giovane donna dai 18 ai 35 anni che si senta chiamata dal Signore per donarsi completamente a Lui, attraverso una vita fraterna [&hellip;]\" \/>\n<meta property=\"og:url\" content=\"https:\/\/www.rmieuropa.com\/it\/chi-siamo\/diventare-rmi-giornata-tipo\/\" \/>\n<meta property=\"og:site_name\" content=\"Religieuses de Marie Immacul\u00e9e\" \/>\n<meta property=\"article:modified_time\" content=\"2022-02-14T10:47:46+00:00\" \/>\n<meta property=\"og:image\" content=\"https:\/\/www.rmieuropa.com\/wp-content\/uploads\/2022\/02\/fondatrice.jpg\" \/>\n\t<meta property=\"og:image:width\" content=\"1904\" \/>\n\t<meta property=\"og:image:height\" content=\"289\" \/>\n\t<meta property=\"og:image:type\" content=\"image\/jpeg\" \/>\n<meta name=\"twitter:card\" content=\"summary_large_image\" \/>\n<meta name=\"twitter:label1\" content=\"Tempo di lettura stimato\" \/>\n\t<meta name=\"twitter:data1\" content=\"6 minuti\" \/>\n<script type=\"application\/ld+json\" class=\"yoast-schema-graph\">{\"@context\":\"https:\\\/\\\/schema.org\",\"@graph\":[{\"@type\":\"WebPage\",\"@id\":\"https:\\\/\\\/www.rmieuropa.com\\\/it\\\/chi-siamo\\\/diventare-rmi-giornata-tipo\\\/\",\"url\":\"https:\\\/\\\/www.rmieuropa.com\\\/it\\\/chi-siamo\\\/diventare-rmi-giornata-tipo\\\/\",\"name\":\"Diventare RMI - La nostra vita - Religiose di Maria Immacolata\",\"isPartOf\":{\"@id\":\"https:\\\/\\\/www.rmieuropa.com\\\/it\\\/#website\"},\"primaryImageOfPage\":{\"@id\":\"https:\\\/\\\/www.rmieuropa.com\\\/it\\\/chi-siamo\\\/diventare-rmi-giornata-tipo\\\/#primaryimage\"},\"image\":{\"@id\":\"https:\\\/\\\/www.rmieuropa.com\\\/it\\\/chi-siamo\\\/diventare-rmi-giornata-tipo\\\/#primaryimage\"},\"thumbnailUrl\":\"https:\\\/\\\/www.rmieuropa.com\\\/wp-content\\\/uploads\\\/2022\\\/02\\\/fondatrice.jpg\",\"datePublished\":\"2020-08-11T12:32:29+00:00\",\"dateModified\":\"2022-02-14T10:47:46+00:00\",\"breadcrumb\":{\"@id\":\"https:\\\/\\\/www.rmieuropa.com\\\/it\\\/chi-siamo\\\/diventare-rmi-giornata-tipo\\\/#breadcrumb\"},\"inLanguage\":\"it-IT\",\"potentialAction\":[{\"@type\":\"ReadAction\",\"target\":[\"https:\\\/\\\/www.rmieuropa.com\\\/it\\\/chi-siamo\\\/diventare-rmi-giornata-tipo\\\/\"]}]},{\"@type\":\"ImageObject\",\"inLanguage\":\"it-IT\",\"@id\":\"https:\\\/\\\/www.rmieuropa.com\\\/it\\\/chi-siamo\\\/diventare-rmi-giornata-tipo\\\/#primaryimage\",\"url\":\"https:\\\/\\\/www.rmieuropa.com\\\/wp-content\\\/uploads\\\/2022\\\/02\\\/fondatrice.jpg\",\"contentUrl\":\"https:\\\/\\\/www.rmieuropa.com\\\/wp-content\\\/uploads\\\/2022\\\/02\\\/fondatrice.jpg\",\"width\":1904,\"height\":289},{\"@type\":\"BreadcrumbList\",\"@id\":\"https:\\\/\\\/www.rmieuropa.com\\\/it\\\/chi-siamo\\\/diventare-rmi-giornata-tipo\\\/#breadcrumb\",\"itemListElement\":[{\"@type\":\"ListItem\",\"position\":1,\"name\":\"Home\",\"item\":\"https:\\\/\\\/www.rmieuropa.com\\\/it\\\/\"},{\"@type\":\"ListItem\",\"position\":2,\"name\":\"Chi siamo ?\",\"item\":\"https:\\\/\\\/www.rmieuropa.com\\\/it\\\/chi-siamo\\\/\"},{\"@type\":\"ListItem\",\"position\":3,\"name\":\"Diventare RMI &#8211; La nostra vita\"}]},{\"@type\":\"WebSite\",\"@id\":\"https:\\\/\\\/www.rmieuropa.com\\\/it\\\/#website\",\"url\":\"https:\\\/\\\/www.rmieuropa.com\\\/it\\\/\",\"name\":\"RMI en Europe - Religieuses de Marie Immacul\u00e9e\",\"description\":\"Foyers pour \u00e9tudiantes en Europe\",\"publisher\":{\"@id\":\"https:\\\/\\\/www.rmieuropa.com\\\/it\\\/#organization\"},\"alternateName\":\"RMI Youth hostels in Europe\",\"potentialAction\":[{\"@type\":\"SearchAction\",\"target\":{\"@type\":\"EntryPoint\",\"urlTemplate\":\"https:\\\/\\\/www.rmieuropa.com\\\/it\\\/?s={search_term_string}\"},\"query-input\":{\"@type\":\"PropertyValueSpecification\",\"valueRequired\":true,\"valueName\":\"search_term_string\"}}],\"inLanguage\":\"it-IT\"},{\"@type\":\"Organization\",\"@id\":\"https:\\\/\\\/www.rmieuropa.com\\\/it\\\/#organization\",\"name\":\"RMI - Religieuses de Marie Immacul\u00e9e\",\"alternateName\":\"RMI Youth hostels in Europe\",\"url\":\"https:\\\/\\\/www.rmieuropa.com\\\/it\\\/\",\"logo\":{\"@type\":\"ImageObject\",\"inLanguage\":\"it-IT\",\"@id\":\"https:\\\/\\\/www.rmieuropa.com\\\/it\\\/#\\\/schema\\\/logo\\\/image\\\/\",\"url\":\"https:\\\/\\\/www.rmieuropa.com\\\/wp-content\\\/uploads\\\/2026\\\/04\\\/rmi.png\",\"contentUrl\":\"https:\\\/\\\/www.rmieuropa.com\\\/wp-content\\\/uploads\\\/2026\\\/04\\\/rmi.png\",\"width\":210,\"height\":174,\"caption\":\"RMI - Religieuses de Marie Immacul\u00e9e\"},\"image\":{\"@id\":\"https:\\\/\\\/www.rmieuropa.com\\\/it\\\/#\\\/schema\\\/logo\\\/image\\\/\"}}]}<\/script>\n<!-- \/ Yoast SEO plugin. -->","yoast_head_json":{"title":"Diventare RMI - La nostra vita - Religiose di Maria Immacolata","robots":{"index":"index","follow":"follow","max-snippet":"max-snippet:-1","max-image-preview":"max-image-preview:large","max-video-preview":"max-video-preview:-1"},"canonical":"https:\/\/www.rmieuropa.com\/it\/chi-siamo\/diventare-rmi-giornata-tipo\/","og_locale":"it_IT","og_type":"article","og_title":"Diventare RMI - La nostra vita - Religiose di Maria Immacolata","og_description":"[vc_row full_width=&#8221;stretch_row_content&#8221; css=&#8221;.vc_custom_1640956229797{background-color: #004272 !important;}&#8221;][vc_column css=&#8221;.vc_custom_1640956261121{padding-bottom: 100px !important;}&#8221;][vc_empty_space][vc_empty_space][\/vc_column][\/vc_row][vc_row full_width=&#8221;stretch_row_content_no_spaces&#8221; equal_height=&#8221;yes&#8221; css=&#8221;.vc_custom_1640956241519{margin-top: -150px !important;}&#8221;][vc_column el_class=&#8221;px-3 pl-lg-6&#8243; css=&#8221;.vc_custom_1561730715795{padding-right: 10% !important;padding-left: 10% !important;}&#8221;][vc_row_inner][vc_column_inner width=&#8221;1\/12&#8243;][\/vc_column_inner][vc_column_inner width=&#8221;5\/12&#8243; css=&#8221;.vc_custom_1576080368616{margin-right: 10px !important;}&#8221;][vc_single_image image=&#8221;2181&#8243; img_size=&#8221;full&#8221; alignment=&#8221;center&#8221;][vc_single_image image=&#8221;2027&#8243; img_size=&#8221;full&#8221;][vc_column_text]Chi?[\/vc_column_text][vc_column_text css=&#8221;.vc_custom_1616672288251{margin-right: 30px !important;}&#8221;]Una giovane donna dai 18 ai 35 anni che si senta chiamata dal Signore per donarsi completamente a Lui, attraverso una vita fraterna [&hellip;]","og_url":"https:\/\/www.rmieuropa.com\/it\/chi-siamo\/diventare-rmi-giornata-tipo\/","og_site_name":"Religieuses de Marie Immacul\u00e9e","article_modified_time":"2022-02-14T10:47:46+00:00","og_image":[{"width":1904,"height":289,"url":"https:\/\/www.rmieuropa.com\/wp-content\/uploads\/2022\/02\/fondatrice.jpg","type":"image\/jpeg"}],"twitter_card":"summary_large_image","twitter_misc":{"Tempo di lettura stimato":"6 minuti"},"schema":{"@context":"https:\/\/schema.org","@graph":[{"@type":"WebPage","@id":"https:\/\/www.rmieuropa.com\/it\/chi-siamo\/diventare-rmi-giornata-tipo\/","url":"https:\/\/www.rmieuropa.com\/it\/chi-siamo\/diventare-rmi-giornata-tipo\/","name":"Diventare RMI - La nostra vita - Religiose di Maria Immacolata","isPartOf":{"@id":"https:\/\/www.rmieuropa.com\/it\/#website"},"primaryImageOfPage":{"@id":"https:\/\/www.rmieuropa.com\/it\/chi-siamo\/diventare-rmi-giornata-tipo\/#primaryimage"},"image":{"@id":"https:\/\/www.rmieuropa.com\/it\/chi-siamo\/diventare-rmi-giornata-tipo\/#primaryimage"},"thumbnailUrl":"https:\/\/www.rmieuropa.com\/wp-content\/uploads\/2022\/02\/fondatrice.jpg","datePublished":"2020-08-11T12:32:29+00:00","dateModified":"2022-02-14T10:47:46+00:00","breadcrumb":{"@id":"https:\/\/www.rmieuropa.com\/it\/chi-siamo\/diventare-rmi-giornata-tipo\/#breadcrumb"},"inLanguage":"it-IT","potentialAction":[{"@type":"ReadAction","target":["https:\/\/www.rmieuropa.com\/it\/chi-siamo\/diventare-rmi-giornata-tipo\/"]}]},{"@type":"ImageObject","inLanguage":"it-IT","@id":"https:\/\/www.rmieuropa.com\/it\/chi-siamo\/diventare-rmi-giornata-tipo\/#primaryimage","url":"https:\/\/www.rmieuropa.com\/wp-content\/uploads\/2022\/02\/fondatrice.jpg","contentUrl":"https:\/\/www.rmieuropa.com\/wp-content\/uploads\/2022\/02\/fondatrice.jpg","width":1904,"height":289},{"@type":"BreadcrumbList","@id":"https:\/\/www.rmieuropa.com\/it\/chi-siamo\/diventare-rmi-giornata-tipo\/#breadcrumb","itemListElement":[{"@type":"ListItem","position":1,"name":"Home","item":"https:\/\/www.rmieuropa.com\/it\/"},{"@type":"ListItem","position":2,"name":"Chi siamo ?","item":"https:\/\/www.rmieuropa.com\/it\/chi-siamo\/"},{"@type":"ListItem","position":3,"name":"Diventare RMI &#8211; La nostra vita"}]},{"@type":"WebSite","@id":"https:\/\/www.rmieuropa.com\/it\/#website","url":"https:\/\/www.rmieuropa.com\/it\/","name":"RMI en Europe - Religieuses de Marie Immacul\u00e9e","description":"Foyers pour \u00e9tudiantes en Europe","publisher":{"@id":"https:\/\/www.rmieuropa.com\/it\/#organization"},"alternateName":"RMI Youth hostels in Europe","potentialAction":[{"@type":"SearchAction","target":{"@type":"EntryPoint","urlTemplate":"https:\/\/www.rmieuropa.com\/it\/?s={search_term_string}"},"query-input":{"@type":"PropertyValueSpecification","valueRequired":true,"valueName":"search_term_string"}}],"inLanguage":"it-IT"},{"@type":"Organization","@id":"https:\/\/www.rmieuropa.com\/it\/#organization","name":"RMI - Religieuses de Marie Immacul\u00e9e","alternateName":"RMI Youth hostels in Europe","url":"https:\/\/www.rmieuropa.com\/it\/","logo":{"@type":"ImageObject","inLanguage":"it-IT","@id":"https:\/\/www.rmieuropa.com\/it\/#\/schema\/logo\/image\/","url":"https:\/\/www.rmieuropa.com\/wp-content\/uploads\/2026\/04\/rmi.png","contentUrl":"https:\/\/www.rmieuropa.com\/wp-content\/uploads\/2026\/04\/rmi.png","width":210,"height":174,"caption":"RMI - Religieuses de Marie Immacul\u00e9e"},"image":{"@id":"https:\/\/www.rmieuropa.com\/it\/#\/schema\/logo\/image\/"}}]}},"_links":{"self":[{"href":"https:\/\/www.rmieuropa.com\/it\/wp-json\/wp\/v2\/pages\/2700","targetHints":{"allow":["GET"]}}],"collection":[{"href":"https:\/\/www.rmieuropa.com\/it\/wp-json\/wp\/v2\/pages"}],"about":[{"href":"https:\/\/www.rmieuropa.com\/it\/wp-json\/wp\/v2\/types\/page"}],"author":[{"embeddable":true,"href":"https:\/\/www.rmieuropa.com\/it\/wp-json\/wp\/v2\/users\/1"}],"replies":[{"embeddable":true,"href":"https:\/\/www.rmieuropa.com\/it\/wp-json\/wp\/v2\/comments?post=2700"}],"version-history":[{"count":33,"href":"https:\/\/www.rmieuropa.com\/it\/wp-json\/wp\/v2\/pages\/2700\/revisions"}],"predecessor-version":[{"id":4617,"href":"https:\/\/www.rmieuropa.com\/it\/wp-json\/wp\/v2\/pages\/2700\/revisions\/4617"}],"up":[{"embeddable":true,"href":"https:\/\/www.rmieuropa.com\/it\/wp-json\/wp\/v2\/pages\/4803"}],"wp:featuredmedia":[{"embeddable":true,"href":"https:\/\/www.rmieuropa.com\/it\/wp-json\/wp\/v2\/media\/5288"}],"wp:attachment":[{"href":"https:\/\/www.rmieuropa.com\/it\/wp-json\/wp\/v2\/media?parent=2700"}],"curies":[{"name":"wp","href":"https:\/\/api.w.org\/{rel}","templated":true}]}}