{"id":4805,"date":"2022-01-25T10:01:46","date_gmt":"2022-01-25T09:01:46","guid":{"rendered":"https:\/\/rmieuropa.com\/?page_id=4805"},"modified":"2022-02-15T10:04:28","modified_gmt":"2022-02-15T09:04:28","slug":"nuestra-congregacion","status":"publish","type":"page","link":"https:\/\/www.rmieuropa.com\/es\/quienes-somos\/nuestra-congregacion\/","title":{"rendered":"Nuestra congregaci\u00f3n"},"content":{"rendered":"<div class=\"wpb-content-wrapper\"><p>[vc_row full_width=\u00bbstretch_row_content_no_spaces\u00bb equal_height=\u00bbyes\u00bb css=\u00bb.vc_custom_1561730733956{background-color: #004272 !important;}\u00bb][vc_column width=\u00bb2\/3&#8243; el_class=\u00bbpx-3 pl-lg-6&#8243; css=\u00bb.vc_custom_1561730715795{padding-right: 10% !important;padding-left: 10% !important;}\u00bb][vc_empty_space]    <div class=\"rmi-title text-white\">\n                    <div class=\"rmi-subtitle\">la congregac\u00edon<\/div>\n                <h2>Religiosas de mar\u00eda inmaculada<\/h2>\n\n    <\/div>\n    [vc_empty_space][vc_column_text el_class=\u00bbtext-white\u00bb]Somos una congregaci\u00f3n religiosa de la Iglesia Cat\u00f3lica fundada en Madrid en 1876, por iniciativa de una joven espa\u00f1ola: Santa Vicenta Mar\u00eda L\u00f3pez y Vicu\u00f1a.<\/p>\n<ul>\n<li>Nacimos como respuesta a las necesidades de las j\u00f3venes que emigraban del campo a las ciudades en busca de trabajo, y que se quedaban sin hogar y sin medios de subsistencia.<\/li>\n<li>Hoy seguimos acogiendo a adolescentes y j\u00f3venes en nuestras Residencias, Centros de Promoci\u00f3n Social, casas de acogida, escuelas de formaci\u00f3n profesional y otras plataformas apost\u00f3licas, acompa\u00f1\u00e1ndoles en su proceso personal de crecimiento en todas las dimensiones, para que encuentren su propio camino en la vida y su lugar en la sociedad.<\/li>\n<li>Ofrecemos a quienes lo deseen una oportunidad de crecer y madurar en la fe cat\u00f3lica.<\/li>\n<\/ul>\n<p>[\/vc_column_text]    <div class=\"rmi-buttons \">\n        <a class=\"btn btn-rmi-pink\" href=\"https:\/\/rmieuropa.com\/es\/quienes-somos\/ser-rmi-nuestra-vida\/\" title=\"Ser RMI\" >Ser RMI<\/a>    <\/div>\n    [vc_empty_space][\/vc_column][vc_column width=\u00bb1\/3&#8243; css=\u00bb.vc_custom_1596726555792{background-image: url(https:\/\/rmieuropa.com\/wp-content\/uploads\/2019\/06\/about_bg_fondatrice.jpg?id=150) !important;}\u00bb el_class=\u00bbtext-white\u00bb][vc_row_inner content_placement=\u00bbmiddle\u00bb css=\u00bb.vc_custom_1561730622223{padding-bottom: 50px !important;}\u00bb][vc_column_inner width=\u00bb1\/2&#8243; css=\u00bb.vc_custom_1561558595584{padding-left: 20% !important;}\u00bb]    <div class=\"rmi-title text-white\">\n                    <div class=\"rmi-subtitle\">La fundadora<\/div>\n                <h2>SANTA VICENTA MARIA LOPEZ Y VICU\u00d1A<\/h2>\n\n    <\/div>\n    [vc_column_text]<\/p>\n<h2><em><span style=\"font-size: 18.0pt; font-family: 'Calibri',sans-serif;\">\u00abS\u00f3lo a Dios pertenezco\u00bb<\/span><\/em><\/h2>\n<p>Fundadora de las Religiosas de Mar\u00eda Inmaculada, naci\u00f3 en Cascante (Navarra, Espa\u00f1a), en plena revoluci\u00f3n industrial.[\/vc_column_text]    <div class=\"rmi-buttons \">\n        <a class=\"btn btn-rmi-pink\" href=\"https:\/\/rmieuropa.com\/es\/quienes-somos\/la-fundadora\/\" title=\"Saber +\" >Saber +<\/a>    <\/div>\n    [\/vc_column_inner][vc_column_inner width=\u00bb1\/2&#8243;][vc_single_image image=\u00bb3622&#8243; img_size=\u00bbfull\u00bb alignment=\u00bbright\u00bb][\/vc_column_inner][\/vc_row_inner][\/vc_column][\/vc_row][vc_row el_class=\u00bbpy-3&#8243;][vc_column]    <div class=\"rmi-title \">\n                    <div class=\"rmi-subtitle\">Nuestra vida<\/div>\n                <h2>Nuestros pilares<\/h2>\n\n    <\/div>\n    [vc_row_inner equal_height=\u00bbyes\u00bb gap=\u00bb30&#8243;][vc_column_inner width=\u00bb1\/3&#8243; css=\u00bb.vc_custom_1624348809987{margin-top: 30px !important;border-left-width: 1px !important;padding-left: 10px !important;border-left-color: #e5e5e5 !important;border-left-style: solid !important;}\u00bb][vc_single_image image=\u00bb130&#8243; img_size=\u00bbfull\u00bb el_class=\u00bbpilars-img1&#8243;][vc_column_text el_class=\u00bbcolumn-text\u00bb]<\/p>\n<h3>Vida espiritual<\/h3>\n<p>Nuestra vida est\u00e1 centrada en Cristo. Es en \u00c9l -especialmente a trav\u00e9s de los Sacramentos y de la Adoraci\u00f3n Eucar\u00edstica- donde sacamos fuerza y Amor para cumplir nuestra Misi\u00f3n. La Virgen Mar\u00eda es nuestra Madre, nuestro modelo y nuestra gu\u00eda.[\/vc_column_text][vc_column_text]<\/p>\n<p class=\"blue-quote1\" style=\"color: #1681cc;\">\u201cAnte todo quiero imitaros en vuestra oraci\u00f3n continua\u201d.<br \/>\n<em>Santa Vicenta Mar\u00eda<\/em>[\/vc_column_text][\/vc_column_inner][vc_column_inner width=\u00bb1\/3&#8243; css=\u00bb.vc_custom_1624348826642{margin-top: 30px !important;border-left-width: 1px !important;padding-left: 10px !important;border-left-color: #e5e5e5 !important;border-left-style: solid !important;}\u00bb][vc_single_image image=\u00bb1624&#8243; img_size=\u00bbfull\u00bb el_class=\u00bbpilars-img2&#8243;][vc_column_text el_class=\u00bbcolumn-text\u00bb]<\/p>\n<h3>Vida fraterna<\/h3>\n<p>Compartimos nuestra fe y misi\u00f3n en una vida comunitaria sencilla, familiar y alegre.[\/vc_column_text][vc_empty_space height=\u00bb120px\u00bb][vc_column_text css=\u00bb.vc_custom_1644862748270{margin-bottom: 0px !important;}\u00bb]<\/p>\n<p class=\"blue-quote2\" style=\"color: #1681cc;\">\u201c&#8230;que reine entre vosotras esta envidiable caridad y uni\u00f3n\u201d.<br \/>\n<em>Santa Vicenta Mar\u00eda<\/em>[\/vc_column_text][\/vc_column_inner][vc_column_inner width=\u00bb1\/3&#8243; css=\u00bb.vc_custom_1624348833329{margin-top: 30px !important;border-left-width: 1px !important;padding-left: 10px !important;border-left-color: #e5e5e5 !important;border-left-style: solid !important;}\u00bb][vc_single_image image=\u00bb134&#8243; img_size=\u00bbfull\u00bb el_class=\u00bbpilars-img3&#8243;][vc_column_text el_class=\u00bbcolumn-text\u00bb]<\/p>\n<h3>Vida apost\u00f3lica<\/h3>\n<p>Nuestro apostolado est\u00e1 orientado a la formaci\u00f3n integral y a la evangelizaci\u00f3n de las j\u00f3venes, a trav\u00e9s de la acogida, la presencia, la escucha y el acompa\u00f1amiento (en las residencias,\u00a0 los centros de escucha, las escuelas, las misiones, los campamentos de verano&#8230;).[\/vc_column_text][vc_column_text]<\/p>\n<p class=\"blue-quote3\" style=\"color: #1681cc;\">\u201c Lo que si quiero hacer, Dios m\u00edo, es trabajar sin descanso en procurar que estas pobres criaturas vivan bieny se salven\u201d.<br \/>\n<em>Santa Vicenta Mar\u00eda<\/em>[\/vc_column_text][\/vc_column_inner][\/vc_row_inner][\/vc_column][\/vc_row][vc_row full_width=\u00bbstretch_row\u00bb el_class=\u00bbpy-3&#8243; css=\u00bb.vc_custom_1561557138831{background-color: #f5f5f5 !important;}\u00bb][vc_column width=\u00bb7\/12&#8243; css=\u00bb.vc_custom_1644591661434{margin-top: 30px !important;padding-right: 8% !important;}\u00bb]    <div class=\"rmi-title \">\n                    <div class=\"rmi-subtitle\">Nosotras<\/div>\n                <h2>carisma y espiritualidad<\/h2>\n\n    <\/div>\n    [vc_column_text css=\u00bb.vc_custom_1616685269914{margin-bottom: 70px !important;padding-top: 10px !important;}\u00bb]<\/p>\n<p style=\"color: #9e9d9d; font-size: 18px;\">En la b\u00fasqueda de nuestra propia santificaci\u00f3n y la de las j\u00f3venes, queremos ser instrumentos de la ternura y la misericordia de Dios para ellas.<\/p>\n<p>[\/vc_column_text][vc_column_text]<\/p>\n<h3>CARISMA<\/h3>\n<p>Nuestro carisma es \u00abLa santificaci\u00f3n y la salvaci\u00f3n de las j\u00f3venes a trav\u00e9s del amor, respondiendo a los desaf\u00edos de hoy y poniendo en pr\u00e1ctica \u00abcuantos medios la experiencia vaya ense\u00f1ando para el mayor bien de las acogidas\u00bb\u00bb. (Const. 1882 [236])<\/p>\n<p>Intentamos \u00abextraer el bien de todo tipo de mal existente en el mundo y en el hombre\u00bb (DM 6) con una pedagog\u00eda preventiva que brota del amor misericordioso de Dios.<\/p>\n<h3>ESPIRITUALIDAD<\/h3>\n<p>Nuestra fundadora, Santa Vicenta Mar\u00eda L\u00f3pez y Vicu\u00f1a (1847-1890), recibi\u00f3 un carisma que sigue vivo en el coraz\u00f3n de unas 1000 hermanas:<\/p>\n<ul>\n<li>Buscar y cumplir la VOLUNTAD DE DIOS<\/li>\n<li>CARIDAD FRATERNA<\/li>\n<li>OBEDIENCIA, una expresi\u00f3n de fe y amor<\/li>\n<li>CELO APOST\u00d3LICO por la Evangelizaci\u00f3n y Santificaci\u00f3n de las j\u00f3venes<\/li>\n<li>Uni\u00f3n con Cristo a trav\u00e9s de la ORACI\u00d3N<\/li>\n<li>Amor a la EUCARIST\u00cdA, fuente de nuestra Caridad y centro de nuestra vida espiritual, comunitaria y apost\u00f3lica<\/li>\n<li>Uni\u00f3n con la SANT\u00cdSIMA VIRGEN MAR\u00cdA, Madre, Gu\u00eda y Protectora Principal de nuestro Instituto<\/li>\n<\/ul>\n<p>[\/vc_column_text][\/vc_column][vc_column width=\u00bb5\/12&#8243; css=\u00bb.vc_custom_1636125721124{padding-right: 10% !important;padding-left: 10% !important;background-color: #1681cc !important;}\u00bb][vc_single_image image=\u00bb3528&#8243; img_size=\u00bbfull\u00bb alignment=\u00bbcenter\u00bb onclick=\u00bblink_image\u00bb][vc_column_text el_class=\u00bbtext-white\u00bb]<strong>ESCUDO RMI<\/strong><\/p>\n<p>Significado del escudo tradicional de la Congregaci\u00f3n de las Religiosas de Mar\u00eda Inmaculada: En la parte inferior aparece un<strong> mar agitado<\/strong> que representa los numerosos peligros del mundo.<\/p>\n<p>En medio de este mar surge<strong> una roca<\/strong> (que es la propia Congregaci\u00f3n, fundada sobre la roca que es Cristo), formada por <strong>7 bloques<\/strong> que representan las 7 virtudes (teologales y cardinales). Esta roca (en la que las j\u00f3venes pueden refugiarse) resiste el asalto de las olas.<\/p>\n<p>Encima hay<strong> un lirio<\/strong>, s\u00edmbolo de pureza, coronado por el gran <strong>monograma de Mar\u00eda<\/strong> (A M &#8211; iniciales del Ave Mar\u00eda), rodeado de <strong>12 estrellas<\/strong>.<\/p>\n<p>La Virgen Mar\u00eda es la principal protectora de la Congregaci\u00f3n y de todas las j\u00f3venes que recurren a ella.<\/p>\n<p>Hoy, como en el pasado, queremos ayudar a los j\u00f3venes a enfrentarse a los embates de la vida, a los numerosos peligros que todav\u00eda hoy pueden poner en peligro su vida o su alma.[\/vc_column_text][\/vc_column][\/vc_row][vc_row][vc_column css=\u00bb.vc_custom_1644591640318{margin-top: 30px !important;}\u00bb][vc_column_text]La Congregaci\u00f3n lleva el sello de la <strong>ESPIRITUALIDAD IGNATIANA,<\/strong> asimilada por Vicenta Mar\u00eda en los Ejercicios Espirituales que forjaron su esp\u00edritu (Const. 4):<\/p>\n<p><strong>CONTEMPLATIVAS EN LA ACCI\u00d3N<\/strong>, JES\u00daS ES EL SENTIDO DE NUESTRA VIDA.<br \/>\nBuscamos y tratamos de encontrar a Dios en todas las cosas, mirando la realidad con fe y en una actitud de agradecimiento permanente.<\/p>\n<p><strong>ESPIRITUALIDAD<\/strong> de la <strong>ENCARNACI\u00d3N<\/strong>.<br \/>\nNos sentimos unidos a la mirada compasiva de la Trinidad que contempla el mundo para salvarlo, y queremos identificarnos con Jes\u00fas \u00abpobre y humilde\u00bb por amor en el misterio de la Encarnaci\u00f3n.<\/p>\n<p><strong>ESPIRITUALIDAD MARIANA<\/strong>, especialmente en la contemplaci\u00f3n del Misterio de la Inmaculada Concepci\u00f3n. Mar\u00eda, modelo de mujer \u00abpreservada por la gracia de Dios\u00bb, es la inspiraci\u00f3n de nuestra pedagog\u00eda de prevenci\u00f3n y preservaci\u00f3n.<\/p>\n<p>La <strong>EUCARIST\u00cdA<\/strong> es la esencia y la ra\u00edz de nuestra vida y acci\u00f3n apost\u00f3lica y contemplativa. De ella sacamos la fuerza para vivir la comuni\u00f3n y la caridad.[\/vc_column_text][\/vc_column][\/vc_row][vc_row full_width=\u00bbstretch_row\u00bb el_class=\u00bbpy-3&#8243; css=\u00bb.vc_custom_1617302220055{margin-bottom: 30px !important;background-color: #f5f5f5 !important;}\u00bb el_id=\u00bbmolavim\u00bb][vc_column][vc_row_inner css=\u00bb.vc_custom_1617302081515{padding-top: 10px !important;background-color: #f5f5f5 !important;}\u00bb][vc_column_inner width=\u00bb1\/3&#8243; offset=\u00bbvc_hidden-xs\u00bb][vc_single_image image=\u00bb2168&#8243; img_size=\u00bbfull\u00bb][\/vc_column_inner][vc_column_inner width=\u00bb2\/3&#8243; css=\u00bb.vc_custom_1612781016531{padding-right: 10% !important;padding-left: 10% !important;}\u00bb]    <div class=\"rmi-title \">\n                    <div class=\"rmi-subtitle\">laicos asociados<\/div>\n                <h2>MOLAVIM<\/h2>\n\n    <\/div>\n    [vc_column_text css=\u00bb.vc_custom_1561558283409{padding-top: 10px !important;}\u00bb]<\/p>\n<p style=\"color: #9e9d9d; font-size: 18px;\">El Movimiento Laico de Vicenta Mar\u00eda (MOLAVIM) comparte nuestra Espiritualidad y nuestra Misi\u00f3n de servicio y evangelizaci\u00f3n de las j\u00f3venes.<\/p>\n<p>[\/vc_column_text][vc_column_text]Los miembros del \u00abMovimiento Laico de Vicenta Mar\u00eda\u00bb (MOLAVIM) forman parte de la \u00abgran familia de Santa Vicenta Mar\u00eda\u00bb y comparten con las Religiosas de Mar\u00eda Inmaculada la misma espiritualidad y la misma misi\u00f3n de servicio y evangelizaci\u00f3n de los j\u00f3venes.<\/p>\n<p>El Movimiento fue aprobado por la Santa Sede el 8 de septiembre de 2005, pero hay que remontarse a mediados del siglo XIX para descubrir sus or\u00edgenes, en el trabajo por las j\u00f3venes de dos hermanos: Manuel Mar\u00eda y Mar\u00eda Eulalia Vicu\u00f1a, t\u00edos de Vicenta Mar\u00eda.<\/p>\n<p>Los miembros del MOLAVIM, como laicos en la Iglesia, quieren responder a la vocaci\u00f3n recibida en su bautismo, y sienten la llamada a hacerlo desde el prisma del carisma de Santa Vicenta Mar\u00eda L\u00f3pez y Vicu\u00f1a.<\/p>\n<p>Las obras de la Congregaci\u00f3n de las RELIGIOSAS DE MAR\u00cdA INMACULADA (RMI) son el punto de referencia de su compromiso y testimonio de vida como cristianos, que se expresa tambi\u00e9n en otros \u00e1mbitos eclesiales y sociales: familia, parroquia, trabajo, etc.<\/p>\n<p>Participan en la misi\u00f3n de las RMI a favor de las j\u00f3venes, tratando de conocer mejor la realidad en la que viven, acompa\u00f1\u00e1ndoles en su camino de vida, fomentando sus talentos y valores y ayudando a cada joven a crecer en la fe.[\/vc_column_text]    <div class=\"rmi-buttons \">\n        <a class=\"btn btn-rmi-blue\" href=\"https:\/\/rmieuropa.com\/es\/contacto\/?servicename=Ser%20MOLAVIM\" title=\"Ser MOLAVIM\" >Ser MOLAVIM<\/a>    <\/div>\n    [\/vc_column_inner][\/vc_row_inner][\/vc_column][\/vc_row]<\/p>\n<\/div>","protected":false},"excerpt":{"rendered":"<p>[vc_row full_width=\u00bbstretch_row_content_no_spaces\u00bb equal_height=\u00bbyes\u00bb css=\u00bb.vc_custom_1561730733956{background-color: #004272 !important;}\u00bb][vc_column width=\u00bb2\/3&#8243; el_class=\u00bbpx-3 pl-lg-6&#8243; css=\u00bb.vc_custom_1561730715795{padding-right: 10% !important;padding-left: 10% !important;}\u00bb][vc_empty_space][vc_empty_space][vc_column_text el_class=\u00bbtext-white\u00bb]Somos una congregaci\u00f3n religiosa de la Iglesia Cat\u00f3lica fundada en Madrid en 1876, por iniciativa de una joven espa\u00f1ola: Santa Vicenta Mar\u00eda L\u00f3pez y Vicu\u00f1a. Nacimos como respuesta a las necesidades de las j\u00f3venes que emigraban del campo a las ciudades [&hellip;]<\/p>\n","protected":false},"author":1,"featured_media":3874,"parent":3882,"menu_order":0,"comment_status":"closed","ping_status":"closed","template":"","meta":{"_acf_changed":false,"footnotes":""},"class_list":["post-4805","page","type-page","status-publish","has-post-thumbnail","hentry"],"acf":[],"yoast_head":"<!-- This site is optimized with the Yoast SEO plugin v27.4 - https:\/\/yoast.com\/product\/yoast-seo-wordpress\/ -->\n<title>Nuestra congregaci\u00f3n - Religiosas de Maria Inmaculada<\/title>\n<meta name=\"robots\" content=\"index, follow, max-snippet:-1, max-image-preview:large, max-video-preview:-1\" \/>\n<link rel=\"canonical\" href=\"https:\/\/www.rmieuropa.com\/es\/quienes-somos\/nuestra-congregacion\/\" \/>\n<meta property=\"og:locale\" content=\"es_ES\" \/>\n<meta property=\"og:type\" content=\"article\" \/>\n<meta property=\"og:title\" content=\"Nuestra congregaci\u00f3n - Religiosas de Maria Inmaculada\" \/>\n<meta property=\"og:description\" content=\"[vc_row full_width=\u00bbstretch_row_content_no_spaces\u00bb equal_height=\u00bbyes\u00bb css=\u00bb.vc_custom_1561730733956{background-color: #004272 !important;}\u00bb][vc_column width=\u00bb2\/3&#8243; el_class=\u00bbpx-3 pl-lg-6&#8243; css=\u00bb.vc_custom_1561730715795{padding-right: 10% !important;padding-left: 10% !important;}\u00bb][vc_empty_space][vc_empty_space][vc_column_text el_class=\u00bbtext-white\u00bb]Somos una congregaci\u00f3n religiosa de la Iglesia Cat\u00f3lica fundada en Madrid en 1876, por iniciativa de una joven espa\u00f1ola: Santa Vicenta Mar\u00eda L\u00f3pez y Vicu\u00f1a. Nacimos como respuesta a las necesidades de las j\u00f3venes que emigraban del campo a las ciudades [&hellip;]\" \/>\n<meta property=\"og:url\" content=\"https:\/\/www.rmieuropa.com\/es\/quienes-somos\/nuestra-congregacion\/\" \/>\n<meta property=\"og:site_name\" content=\"Religieuses de Marie Immacul\u00e9e\" \/>\n<meta property=\"article:modified_time\" content=\"2022-02-15T09:04:28+00:00\" \/>\n<meta property=\"og:image\" content=\"https:\/\/www.rmieuropa.com\/wp-content\/uploads\/2021\/11\/lake-2-e1636124417892.jpg\" \/>\n\t<meta property=\"og:image:width\" content=\"1920\" \/>\n\t<meta property=\"og:image:height\" content=\"571\" \/>\n\t<meta property=\"og:image:type\" content=\"image\/jpeg\" \/>\n<meta name=\"twitter:card\" content=\"summary_large_image\" \/>\n<meta name=\"twitter:label1\" content=\"Tiempo de lectura\" \/>\n\t<meta name=\"twitter:data1\" content=\"6 minutos\" \/>\n<script type=\"application\/ld+json\" class=\"yoast-schema-graph\">{\"@context\":\"https:\\\/\\\/schema.org\",\"@graph\":[{\"@type\":\"WebPage\",\"@id\":\"https:\\\/\\\/www.rmieuropa.com\\\/es\\\/quienes-somos\\\/nuestra-congregacion\\\/\",\"url\":\"https:\\\/\\\/www.rmieuropa.com\\\/es\\\/quienes-somos\\\/nuestra-congregacion\\\/\",\"name\":\"Nuestra congregaci\u00f3n - Religiosas de Maria Inmaculada\",\"isPartOf\":{\"@id\":\"https:\\\/\\\/www.rmieuropa.com\\\/es\\\/#website\"},\"primaryImageOfPage\":{\"@id\":\"https:\\\/\\\/www.rmieuropa.com\\\/es\\\/quienes-somos\\\/nuestra-congregacion\\\/#primaryimage\"},\"image\":{\"@id\":\"https:\\\/\\\/www.rmieuropa.com\\\/es\\\/quienes-somos\\\/nuestra-congregacion\\\/#primaryimage\"},\"thumbnailUrl\":\"https:\\\/\\\/www.rmieuropa.com\\\/wp-content\\\/uploads\\\/2021\\\/11\\\/lake-2-e1636124417892.jpg\",\"datePublished\":\"2022-01-25T09:01:46+00:00\",\"dateModified\":\"2022-02-15T09:04:28+00:00\",\"breadcrumb\":{\"@id\":\"https:\\\/\\\/www.rmieuropa.com\\\/es\\\/quienes-somos\\\/nuestra-congregacion\\\/#breadcrumb\"},\"inLanguage\":\"es\",\"potentialAction\":[{\"@type\":\"ReadAction\",\"target\":[\"https:\\\/\\\/www.rmieuropa.com\\\/es\\\/quienes-somos\\\/nuestra-congregacion\\\/\"]}]},{\"@type\":\"ImageObject\",\"inLanguage\":\"es\",\"@id\":\"https:\\\/\\\/www.rmieuropa.com\\\/es\\\/quienes-somos\\\/nuestra-congregacion\\\/#primaryimage\",\"url\":\"https:\\\/\\\/www.rmieuropa.com\\\/wp-content\\\/uploads\\\/2021\\\/11\\\/lake-2-e1636124417892.jpg\",\"contentUrl\":\"https:\\\/\\\/www.rmieuropa.com\\\/wp-content\\\/uploads\\\/2021\\\/11\\\/lake-2-e1636124417892.jpg\",\"width\":1920,\"height\":571},{\"@type\":\"BreadcrumbList\",\"@id\":\"https:\\\/\\\/www.rmieuropa.com\\\/es\\\/quienes-somos\\\/nuestra-congregacion\\\/#breadcrumb\",\"itemListElement\":[{\"@type\":\"ListItem\",\"position\":1,\"name\":\"Inicio\",\"item\":\"https:\\\/\\\/www.rmieuropa.com\\\/es\\\/\"},{\"@type\":\"ListItem\",\"position\":2,\"name\":\"\u00bf Qui\u00e9nes somos ?\",\"item\":\"https:\\\/\\\/www.rmieuropa.com\\\/es\\\/quienes-somos\\\/\"},{\"@type\":\"ListItem\",\"position\":3,\"name\":\"Nuestra congregaci\u00f3n\"}]},{\"@type\":\"WebSite\",\"@id\":\"https:\\\/\\\/www.rmieuropa.com\\\/es\\\/#website\",\"url\":\"https:\\\/\\\/www.rmieuropa.com\\\/es\\\/\",\"name\":\"RMI en Europe - Religieuses de Marie Immacul\u00e9e\",\"description\":\"Foyers pour \u00e9tudiantes en Europe\",\"publisher\":{\"@id\":\"https:\\\/\\\/www.rmieuropa.com\\\/es\\\/#organization\"},\"alternateName\":\"RMI Youth hostels in Europe\",\"potentialAction\":[{\"@type\":\"SearchAction\",\"target\":{\"@type\":\"EntryPoint\",\"urlTemplate\":\"https:\\\/\\\/www.rmieuropa.com\\\/es\\\/?s={search_term_string}\"},\"query-input\":{\"@type\":\"PropertyValueSpecification\",\"valueRequired\":true,\"valueName\":\"search_term_string\"}}],\"inLanguage\":\"es\"},{\"@type\":\"Organization\",\"@id\":\"https:\\\/\\\/www.rmieuropa.com\\\/es\\\/#organization\",\"name\":\"RMI - Religieuses de Marie Immacul\u00e9e\",\"alternateName\":\"RMI Youth hostels in Europe\",\"url\":\"https:\\\/\\\/www.rmieuropa.com\\\/es\\\/\",\"logo\":{\"@type\":\"ImageObject\",\"inLanguage\":\"es\",\"@id\":\"https:\\\/\\\/www.rmieuropa.com\\\/es\\\/#\\\/schema\\\/logo\\\/image\\\/\",\"url\":\"https:\\\/\\\/www.rmieuropa.com\\\/wp-content\\\/uploads\\\/2026\\\/04\\\/rmi.png\",\"contentUrl\":\"https:\\\/\\\/www.rmieuropa.com\\\/wp-content\\\/uploads\\\/2026\\\/04\\\/rmi.png\",\"width\":210,\"height\":174,\"caption\":\"RMI - Religieuses de Marie Immacul\u00e9e\"},\"image\":{\"@id\":\"https:\\\/\\\/www.rmieuropa.com\\\/es\\\/#\\\/schema\\\/logo\\\/image\\\/\"}}]}<\/script>\n<!-- \/ Yoast SEO plugin. -->","yoast_head_json":{"title":"Nuestra congregaci\u00f3n - Religiosas de Maria Inmaculada","robots":{"index":"index","follow":"follow","max-snippet":"max-snippet:-1","max-image-preview":"max-image-preview:large","max-video-preview":"max-video-preview:-1"},"canonical":"https:\/\/www.rmieuropa.com\/es\/quienes-somos\/nuestra-congregacion\/","og_locale":"es_ES","og_type":"article","og_title":"Nuestra congregaci\u00f3n - Religiosas de Maria Inmaculada","og_description":"[vc_row full_width=\u00bbstretch_row_content_no_spaces\u00bb equal_height=\u00bbyes\u00bb css=\u00bb.vc_custom_1561730733956{background-color: #004272 !important;}\u00bb][vc_column width=\u00bb2\/3&#8243; el_class=\u00bbpx-3 pl-lg-6&#8243; css=\u00bb.vc_custom_1561730715795{padding-right: 10% !important;padding-left: 10% !important;}\u00bb][vc_empty_space][vc_empty_space][vc_column_text el_class=\u00bbtext-white\u00bb]Somos una congregaci\u00f3n religiosa de la Iglesia Cat\u00f3lica fundada en Madrid en 1876, por iniciativa de una joven espa\u00f1ola: Santa Vicenta Mar\u00eda L\u00f3pez y Vicu\u00f1a. Nacimos como respuesta a las necesidades de las j\u00f3venes que emigraban del campo a las ciudades [&hellip;]","og_url":"https:\/\/www.rmieuropa.com\/es\/quienes-somos\/nuestra-congregacion\/","og_site_name":"Religieuses de Marie Immacul\u00e9e","article_modified_time":"2022-02-15T09:04:28+00:00","og_image":[{"width":1920,"height":571,"url":"https:\/\/www.rmieuropa.com\/wp-content\/uploads\/2021\/11\/lake-2-e1636124417892.jpg","type":"image\/jpeg"}],"twitter_card":"summary_large_image","twitter_misc":{"Tiempo de lectura":"6 minutos"},"schema":{"@context":"https:\/\/schema.org","@graph":[{"@type":"WebPage","@id":"https:\/\/www.rmieuropa.com\/es\/quienes-somos\/nuestra-congregacion\/","url":"https:\/\/www.rmieuropa.com\/es\/quienes-somos\/nuestra-congregacion\/","name":"Nuestra congregaci\u00f3n - Religiosas de Maria Inmaculada","isPartOf":{"@id":"https:\/\/www.rmieuropa.com\/es\/#website"},"primaryImageOfPage":{"@id":"https:\/\/www.rmieuropa.com\/es\/quienes-somos\/nuestra-congregacion\/#primaryimage"},"image":{"@id":"https:\/\/www.rmieuropa.com\/es\/quienes-somos\/nuestra-congregacion\/#primaryimage"},"thumbnailUrl":"https:\/\/www.rmieuropa.com\/wp-content\/uploads\/2021\/11\/lake-2-e1636124417892.jpg","datePublished":"2022-01-25T09:01:46+00:00","dateModified":"2022-02-15T09:04:28+00:00","breadcrumb":{"@id":"https:\/\/www.rmieuropa.com\/es\/quienes-somos\/nuestra-congregacion\/#breadcrumb"},"inLanguage":"es","potentialAction":[{"@type":"ReadAction","target":["https:\/\/www.rmieuropa.com\/es\/quienes-somos\/nuestra-congregacion\/"]}]},{"@type":"ImageObject","inLanguage":"es","@id":"https:\/\/www.rmieuropa.com\/es\/quienes-somos\/nuestra-congregacion\/#primaryimage","url":"https:\/\/www.rmieuropa.com\/wp-content\/uploads\/2021\/11\/lake-2-e1636124417892.jpg","contentUrl":"https:\/\/www.rmieuropa.com\/wp-content\/uploads\/2021\/11\/lake-2-e1636124417892.jpg","width":1920,"height":571},{"@type":"BreadcrumbList","@id":"https:\/\/www.rmieuropa.com\/es\/quienes-somos\/nuestra-congregacion\/#breadcrumb","itemListElement":[{"@type":"ListItem","position":1,"name":"Inicio","item":"https:\/\/www.rmieuropa.com\/es\/"},{"@type":"ListItem","position":2,"name":"\u00bf Qui\u00e9nes somos ?","item":"https:\/\/www.rmieuropa.com\/es\/quienes-somos\/"},{"@type":"ListItem","position":3,"name":"Nuestra congregaci\u00f3n"}]},{"@type":"WebSite","@id":"https:\/\/www.rmieuropa.com\/es\/#website","url":"https:\/\/www.rmieuropa.com\/es\/","name":"RMI en Europe - Religieuses de Marie Immacul\u00e9e","description":"Foyers pour \u00e9tudiantes en Europe","publisher":{"@id":"https:\/\/www.rmieuropa.com\/es\/#organization"},"alternateName":"RMI Youth hostels in Europe","potentialAction":[{"@type":"SearchAction","target":{"@type":"EntryPoint","urlTemplate":"https:\/\/www.rmieuropa.com\/es\/?s={search_term_string}"},"query-input":{"@type":"PropertyValueSpecification","valueRequired":true,"valueName":"search_term_string"}}],"inLanguage":"es"},{"@type":"Organization","@id":"https:\/\/www.rmieuropa.com\/es\/#organization","name":"RMI - Religieuses de Marie Immacul\u00e9e","alternateName":"RMI Youth hostels in Europe","url":"https:\/\/www.rmieuropa.com\/es\/","logo":{"@type":"ImageObject","inLanguage":"es","@id":"https:\/\/www.rmieuropa.com\/es\/#\/schema\/logo\/image\/","url":"https:\/\/www.rmieuropa.com\/wp-content\/uploads\/2026\/04\/rmi.png","contentUrl":"https:\/\/www.rmieuropa.com\/wp-content\/uploads\/2026\/04\/rmi.png","width":210,"height":174,"caption":"RMI - Religieuses de Marie Immacul\u00e9e"},"image":{"@id":"https:\/\/www.rmieuropa.com\/es\/#\/schema\/logo\/image\/"}}]}},"_links":{"self":[{"href":"https:\/\/www.rmieuropa.com\/es\/wp-json\/wp\/v2\/pages\/4805","targetHints":{"allow":["GET"]}}],"collection":[{"href":"https:\/\/www.rmieuropa.com\/es\/wp-json\/wp\/v2\/pages"}],"about":[{"href":"https:\/\/www.rmieuropa.com\/es\/wp-json\/wp\/v2\/types\/page"}],"author":[{"embeddable":true,"href":"https:\/\/www.rmieuropa.com\/es\/wp-json\/wp\/v2\/users\/1"}],"replies":[{"embeddable":true,"href":"https:\/\/www.rmieuropa.com\/es\/wp-json\/wp\/v2\/comments?post=4805"}],"version-history":[{"count":9,"href":"https:\/\/www.rmieuropa.com\/es\/wp-json\/wp\/v2\/pages\/4805\/revisions"}],"predecessor-version":[{"id":5321,"href":"https:\/\/www.rmieuropa.com\/es\/wp-json\/wp\/v2\/pages\/4805\/revisions\/5321"}],"up":[{"embeddable":true,"href":"https:\/\/www.rmieuropa.com\/es\/wp-json\/wp\/v2\/pages\/3882"}],"wp:featuredmedia":[{"embeddable":true,"href":"https:\/\/www.rmieuropa.com\/es\/wp-json\/wp\/v2\/media\/3874"}],"wp:attachment":[{"href":"https:\/\/www.rmieuropa.com\/es\/wp-json\/wp\/v2\/media?parent=4805"}],"curies":[{"name":"wp","href":"https:\/\/api.w.org\/{rel}","templated":true}]}}